{"id":13291,"date":"2017-06-12T10:38:38","date_gmt":"2017-06-12T10:38:38","guid":{"rendered":"http:\/\/cirveproject.com\/preguntas-frecuentes\/"},"modified":"2020-02-25T12:53:07","modified_gmt":"2020-02-25T12:53:07","slug":"perguntas-recorrentes","status":"publish","type":"page","link":"https:\/\/cirveproject.com\/pt-pt\/perguntas-recorrentes\/","title":{"rendered":"PERGUNTAS RECORRENTES"},"content":{"rendered":"<style type=\"text\/css\"> \n#cmsmasters_row_69f3650dd4ddc .cmsmasters_row_outer_parent { \n\tpadding-top: 0px; \n} \n\n#cmsmasters_row_69f3650dd4ddc .cmsmasters_row_outer_parent { \n\tpadding-bottom: 50px; \n} \n\n<\/style><div id=\"cmsmasters_row_69f3650dd4ddc\" class=\"cmsmasters_row cmsmasters_color_scheme_default cmsmasters_row_top_default cmsmasters_row_bot_default cmsmasters_row_boxed\">\n<div class=\"cmsmasters_row_outer_parent\">\n<div class=\"cmsmasters_row_outer\">\n<div class=\"cmsmasters_row_inner\">\n<div class=\"cmsmasters_row_margin\">\n<div class=\"cmsmasters_column one_first\">\n<div class=\"cmsmasters_toggles toggles_mode_accordion\">\n<div class=\"cmsmasters_toggle_wrap\" data-tags=\"all \">\n<div class=\"cmsmasters_toggle_title\">\n<span class=\"cmsmasters_toggle_plus cmsmasters-icon-angle-down\">\n<\/span>\n<a href=\"#\">O que \u00e9 a recarga r\u00e1pida e quanto tempo leva?<\/a>\n<\/div>\n<div class=\"cmsmasters_toggle\">\n<div class=\"cmsmasters_toggle_inner\">\n<p>A recarga r\u00e1pida usa maior intensidade el\u00e9ctrica e, alem disso, fornece a energia em corrente cont\u00ednua, o que produz uma pot\u00eancia de sa\u00edda na ordem de 50kW. Do ponto de vista do cliente, esta solu\u00e7\u00e3o e a que se assemelha aos seus h\u00e1bitos atuais de abastecimento de combust\u00edvel para o ve\u00edculo com motor de combust\u00e3o.<\/p>\n<p>As exig\u00eancias a n\u00edvel el\u00e9ctrico s\u00e3o maiores do que na recarga convencional. Isso poder\u00e1 implicar a necessidade de adequa\u00e7\u00e3o da rede el\u00e9ctrica existente. A modo de refer\u00eancia, a pot\u00eancia necess\u00e1ria para este tipo de instala\u00e7\u00f5es \u00e9 compar\u00e1vel \u00e0 de um pr\u00e9dio de 15 habita\u00e7\u00f5es.<\/p>\n<p>A recarga r\u00e1pida implica que \u00e9 poss\u00edvel recarregar o 80% da bateria em 30 minutos.<\/p>\n<\/div>\n<\/div>\n<\/div><div class=\"cmsmasters_toggle_wrap\" data-tags=\"all \">\n<div class=\"cmsmasters_toggle_title\">\n<span class=\"cmsmasters_toggle_plus cmsmasters-icon-angle-down\">\n<\/span>\n<a href=\"#\">Qual \u00e9 a difer\u00ean\u00e7a entre recarga r\u00e1pida e recarga convencional?<\/a>\n<\/div>\n<div class=\"cmsmasters_toggle\">\n<div class=\"cmsmasters_toggle_inner\">\n<p>O carregamento convencional \u00e9 realizado com corrente alternada monof\u00e1sica, a uma pot\u00eancia m\u00e1xima entre 3,7 kW e 7,2 kW, enquanto a carga r\u00e1pida utiliza corrente cont\u00ednua, a uma pot\u00eancia m\u00e1xima de 50 kW.<\/p>\n<\/div>\n<\/div>\n<\/div><div class=\"cmsmasters_toggle_wrap\" data-tags=\"all \">\n<div class=\"cmsmasters_toggle_title\">\n<span class=\"cmsmasters_toggle_plus cmsmasters-icon-angle-down\">\n<\/span>\n<a href=\"#\">Posso recarregar o meu ve\u00edculo el\u00e9trico na estrada? Aonde?<\/a>\n<\/div>\n<div class=\"cmsmasters_toggle\">\n<div class=\"cmsmasters_toggle_inner\">\n<p>Hoje se est\u00e1 a trabalhar ativamente para\u00a0 aumentar o n\u00famero de pontos de recarga nas estradas. O objetivo do projeto CIRVE \u00e9 o de implantar 40 novos pontos de recarga.<\/p>\n<p>Voc\u00ea pode verificar os pontos de recarga r\u00e1pida na via p\u00fablica na p\u00e1gina a seguir: <a href=\"http:\/\/www.electromaps.com\/puntos-de-recarga\/mapade?\" target=\"_blank\" rel=\"noopener\">http:\/\/www.electromaps.com\/puntos-de-recarga\/mapade?<\/a><\/p>\n<\/div>\n<\/div>\n<\/div><div class=\"cmsmasters_toggle_wrap\" data-tags=\"all \">\n<div class=\"cmsmasters_toggle_title\">\n<span class=\"cmsmasters_toggle_plus cmsmasters-icon-angle-down\">\n<\/span>\n<a href=\"#\">Qual \u00e9 a raz\u00e3o para n\u00e3o haver mais pontos de recarga r\u00e1pida nas estradas europeias?<\/a>\n<\/div>\n<div class=\"cmsmasters_toggle\">\n<div class=\"cmsmasters_toggle_inner\">\n<p>No seu relat\u00f3rio \u201cUm modelo de transporte descarbonizado para a Espanha em 2050\u201d, o consultor Monitor Deloitte estima que \u00e9 preciso um investimento de entre 6.000 e 11.000 milh\u00f5es de euros at\u00e9 o ano 2030 (uma m\u00e9dia de 650 milh\u00f5es ao ano) em incentivos para fazer mais atrativos os ve\u00edculos limpos e criar uma rede de recarga. Por este motivo, a UE est\u00e1 a avan\u00e7ar para abrir o mercado das infraestruturas de recarga.<\/p>\n<\/div>\n<\/div>\n<\/div><div class=\"cmsmasters_toggle_wrap\" data-tags=\"all \">\n<div class=\"cmsmasters_toggle_title\">\n<span class=\"cmsmasters_toggle_plus cmsmasters-icon-angle-down\">\n<\/span>\n<a href=\"#\">Qu\u00e9 medidas est\u00e1 a tomar a UE para o VE ser interurbano?<\/a>\n<\/div>\n<div class=\"cmsmasters_toggle\">\n<div class=\"cmsmasters_toggle_inner\">\n<p>O Programa Connecting Europe Facility (CEF) \u00e9 um instrumento de financiamento essencial da UE para promover o crescimento, o emprego e a competitividade atrav\u00e9s dum investimento numa infraestrutura espec\u00edfica a n\u00edvel europeu. Ele apoia o desenvolvimento de redes transeuropeias de elevado rendimento, sustent\u00e1veis e interligadas eficientemente nos dom\u00ednios do transporte, da energia e das telecomunica\u00e7\u00f5es.<\/p>\n<\/div>\n<\/div>\n<\/div><\/div>\n<\/div>\n<\/div>\n<\/div>\n<\/div>\n<\/div>\n<\/div>\n\n","protected":false},"excerpt":{"rendered":"","protected":false},"author":1,"featured_media":0,"parent":0,"menu_order":0,"comment_status":"closed","ping_status":"closed","template":"","meta":{"footnotes":""},"yoast_head":"<!-- This site is optimized with the Yoast SEO plugin v22.1 - https:\/\/yoast.com\/wordpress\/plugins\/seo\/ -->\n<title>PERGUNTAS RECORRENTES - CIRVE Project<\/title>\n<meta name=\"robots\" content=\"index, follow, max-snippet:-1, max-image-preview:large, max-video-preview:-1\" \/>\n<link rel=\"canonical\" href=\"https:\/\/cirveproject.com\/pt-pt\/perguntas-recorrentes\/\" \/>\n<meta property=\"og:locale\" content=\"pt_PT\" \/>\n<meta property=\"og:type\" content=\"article\" \/>\n<meta property=\"og:title\" content=\"PERGUNTAS RECORRENTES - CIRVE Project\" \/>\n<meta property=\"og:url\" content=\"https:\/\/cirveproject.com\/pt-pt\/perguntas-recorrentes\/\" \/>\n<meta property=\"og:site_name\" content=\"CIRVE Project\" \/>\n<meta property=\"article:modified_time\" content=\"2020-02-25T12:53:07+00:00\" \/>\n<meta name=\"twitter:card\" content=\"summary_large_image\" \/>\n<meta name=\"twitter:site\" content=\"@CIRVEproject\" \/>\n<meta name=\"twitter:label1\" content=\"Tempo estimado de leitura\" \/>\n\t<meta name=\"twitter:data1\" content=\"3 minutos\" \/>\n<script type=\"application\/ld+json\" class=\"yoast-schema-graph\">{\"@context\":\"https:\/\/schema.org\",\"@graph\":[{\"@type\":\"WebPage\",\"@id\":\"https:\/\/cirveproject.com\/pt-pt\/perguntas-recorrentes\/\",\"url\":\"https:\/\/cirveproject.com\/pt-pt\/perguntas-recorrentes\/\",\"name\":\"PERGUNTAS RECORRENTES - CIRVE Project\",\"isPartOf\":{\"@id\":\"https:\/\/cirveproject.com\/#website\"},\"datePublished\":\"2017-06-12T10:38:38+00:00\",\"dateModified\":\"2020-02-25T12:53:07+00:00\",\"breadcrumb\":{\"@id\":\"https:\/\/cirveproject.com\/pt-pt\/perguntas-recorrentes\/#breadcrumb\"},\"inLanguage\":\"pt-PT\",\"potentialAction\":[{\"@type\":\"ReadAction\",\"target\":[\"https:\/\/cirveproject.com\/pt-pt\/perguntas-recorrentes\/\"]}]},{\"@type\":\"BreadcrumbList\",\"@id\":\"https:\/\/cirveproject.com\/pt-pt\/perguntas-recorrentes\/#breadcrumb\",\"itemListElement\":[{\"@type\":\"ListItem\",\"position\":1,\"name\":\"Portada\",\"item\":\"https:\/\/cirveproject.com\/pt-pt\/\"},{\"@type\":\"ListItem\",\"position\":2,\"name\":\"PERGUNTAS RECORRENTES\"}]},{\"@type\":\"WebSite\",\"@id\":\"https:\/\/cirveproject.com\/#website\",\"url\":\"https:\/\/cirveproject.com\/\",\"name\":\"CIRVE Project\",\"description\":\"Connecting the Iberian Peninsula with the other countries of the European Union is the mission of the CIRVE Project, whose acronym stands for \u201cIberian Corridors of Rapid Recharging Infrastructure for Electric Vehicles\u201d.\",\"publisher\":{\"@id\":\"https:\/\/cirveproject.com\/#organization\"},\"potentialAction\":[{\"@type\":\"SearchAction\",\"target\":{\"@type\":\"EntryPoint\",\"urlTemplate\":\"https:\/\/cirveproject.com\/?s={search_term_string}\"},\"query-input\":\"required name=search_term_string\"}],\"inLanguage\":\"pt-PT\"},{\"@type\":\"Organization\",\"@id\":\"https:\/\/cirveproject.com\/#organization\",\"name\":\"CIRVE Project\",\"url\":\"https:\/\/cirveproject.com\/\",\"logo\":{\"@type\":\"ImageObject\",\"inLanguage\":\"pt-PT\",\"@id\":\"https:\/\/cirveproject.com\/#\/schema\/logo\/image\/\",\"url\":\"http:\/\/cirveproject.com\/wp-content\/uploads\/2017\/07\/CIRVE_original_WEB.png\",\"contentUrl\":\"http:\/\/cirveproject.com\/wp-content\/uploads\/2017\/07\/CIRVE_original_WEB.png\",\"width\":190,\"height\":65,\"caption\":\"CIRVE Project\"},\"image\":{\"@id\":\"https:\/\/cirveproject.com\/#\/schema\/logo\/image\/\"},\"sameAs\":[\"https:\/\/twitter.com\/CIRVEproject\"]}]}<\/script>\n<!-- \/ Yoast SEO plugin. -->","yoast_head_json":{"title":"PERGUNTAS RECORRENTES - CIRVE Project","robots":{"index":"index","follow":"follow","max-snippet":"max-snippet:-1","max-image-preview":"max-image-preview:large","max-video-preview":"max-video-preview:-1"},"canonical":"https:\/\/cirveproject.com\/pt-pt\/perguntas-recorrentes\/","og_locale":"pt_PT","og_type":"article","og_title":"PERGUNTAS RECORRENTES - CIRVE Project","og_url":"https:\/\/cirveproject.com\/pt-pt\/perguntas-recorrentes\/","og_site_name":"CIRVE Project","article_modified_time":"2020-02-25T12:53:07+00:00","twitter_card":"summary_large_image","twitter_site":"@CIRVEproject","twitter_misc":{"Tempo estimado de leitura":"3 minutos"},"schema":{"@context":"https:\/\/schema.org","@graph":[{"@type":"WebPage","@id":"https:\/\/cirveproject.com\/pt-pt\/perguntas-recorrentes\/","url":"https:\/\/cirveproject.com\/pt-pt\/perguntas-recorrentes\/","name":"PERGUNTAS RECORRENTES - CIRVE Project","isPartOf":{"@id":"https:\/\/cirveproject.com\/#website"},"datePublished":"2017-06-12T10:38:38+00:00","dateModified":"2020-02-25T12:53:07+00:00","breadcrumb":{"@id":"https:\/\/cirveproject.com\/pt-pt\/perguntas-recorrentes\/#breadcrumb"},"inLanguage":"pt-PT","potentialAction":[{"@type":"ReadAction","target":["https:\/\/cirveproject.com\/pt-pt\/perguntas-recorrentes\/"]}]},{"@type":"BreadcrumbList","@id":"https:\/\/cirveproject.com\/pt-pt\/perguntas-recorrentes\/#breadcrumb","itemListElement":[{"@type":"ListItem","position":1,"name":"Portada","item":"https:\/\/cirveproject.com\/pt-pt\/"},{"@type":"ListItem","position":2,"name":"PERGUNTAS RECORRENTES"}]},{"@type":"WebSite","@id":"https:\/\/cirveproject.com\/#website","url":"https:\/\/cirveproject.com\/","name":"CIRVE Project","description":"Connecting the Iberian Peninsula with the other countries of the European Union is the mission of the CIRVE Project, whose acronym stands for \u201cIberian Corridors of Rapid Recharging Infrastructure for Electric Vehicles\u201d.","publisher":{"@id":"https:\/\/cirveproject.com\/#organization"},"potentialAction":[{"@type":"SearchAction","target":{"@type":"EntryPoint","urlTemplate":"https:\/\/cirveproject.com\/?s={search_term_string}"},"query-input":"required name=search_term_string"}],"inLanguage":"pt-PT"},{"@type":"Organization","@id":"https:\/\/cirveproject.com\/#organization","name":"CIRVE Project","url":"https:\/\/cirveproject.com\/","logo":{"@type":"ImageObject","inLanguage":"pt-PT","@id":"https:\/\/cirveproject.com\/#\/schema\/logo\/image\/","url":"http:\/\/cirveproject.com\/wp-content\/uploads\/2017\/07\/CIRVE_original_WEB.png","contentUrl":"http:\/\/cirveproject.com\/wp-content\/uploads\/2017\/07\/CIRVE_original_WEB.png","width":190,"height":65,"caption":"CIRVE Project"},"image":{"@id":"https:\/\/cirveproject.com\/#\/schema\/logo\/image\/"},"sameAs":["https:\/\/twitter.com\/CIRVEproject"]}]}},"_links":{"self":[{"href":"https:\/\/cirveproject.com\/pt-pt\/wp-json\/wp\/v2\/pages\/13291"}],"collection":[{"href":"https:\/\/cirveproject.com\/pt-pt\/wp-json\/wp\/v2\/pages"}],"about":[{"href":"https:\/\/cirveproject.com\/pt-pt\/wp-json\/wp\/v2\/types\/page"}],"author":[{"embeddable":true,"href":"https:\/\/cirveproject.com\/pt-pt\/wp-json\/wp\/v2\/users\/1"}],"replies":[{"embeddable":true,"href":"https:\/\/cirveproject.com\/pt-pt\/wp-json\/wp\/v2\/comments?post=13291"}],"version-history":[{"count":4,"href":"https:\/\/cirveproject.com\/pt-pt\/wp-json\/wp\/v2\/pages\/13291\/revisions"}],"predecessor-version":[{"id":13297,"href":"https:\/\/cirveproject.com\/pt-pt\/wp-json\/wp\/v2\/pages\/13291\/revisions\/13297"}],"wp:attachment":[{"href":"https:\/\/cirveproject.com\/pt-pt\/wp-json\/wp\/v2\/media?parent=13291"}],"curies":[{"name":"wp","href":"https:\/\/api.w.org\/{rel}","templated":true}]}}